{"id":701,"date":"2014-11-21T16:11:12","date_gmt":"2014-11-21T15:11:12","guid":{"rendered":"http:\/\/freeact.eu\/?page_id=701"},"modified":"2018-03-18T17:24:43","modified_gmt":"2018-03-18T16:24:43","slug":"lastvikter","status":"publish","type":"page","link":"https:\/\/freeact.eu\/?page_id=701","title":{"rendered":"Lastvikter f\u00f6r husbil"},"content":{"rendered":"<p>Efter att ha f\u00f6ljt debatten om lastvikter i olika forum har jag botaniserat i n\u00e5gra, p\u00e5 svenska marknaden, stora tillverkares broschyrer och tekniska specifikationer. Var \u00e4ven p\u00e5 Elmia 2014 och noterade utrustningsniv\u00e5n p\u00e5 de bilar som kunde k\u00f6pas p\u00e5 plats. Inte s\u00e4llan med kraftigare motor, markis, ugn, extra tak-s\u00e4ng.<br \/>\nListan kunde ibland g\u00f6ras l\u00e5ng. H\u00e4r har jag gjort en \u00f6vning p\u00e5 dessa tillverkares egna uppgifter. Utan att h\u00e4vda att varje siffra \u00e4r helt korrekt s\u00e5 kan det \u00e4nd\u00e5 ge en hint om varf\u00f6r s\u00e5 m\u00e5nga f\u00e5r en mindre chock n\u00e4r dom sv\u00e4nger av och st\u00e4ller sig p\u00e5 en fordonsv\u00e5g.<\/p>\n<p>Den uppgivna vikten f\u00f6r k\u00f6rklar vikt finns reglerad i en EU f\u00f6rordning som samtidigt ger tillverkaren utrymme f\u00f6r att avvika 5%.<br \/>\nSe g\u00e4rna en j\u00e4mf\u00f6relse jag gjort och hur olika (<em>ladda ner<\/em>) <a href=\"http:\/\/media.freeact.eu\/2014\/11\/Lock_Lastviktsber\u00e4kning.xls\">Lastvikt<\/a>\u00a0det kan bli.<\/p>\n<p>Vill du r\u00e4kna p\u00e5 din egen husbil s\u00e5 har jag en (<em>ladda ner<\/em>) <a href=\"http:\/\/media.freeact.eu\/2014\/11\/Lock-Egen-Lastviktsber\u00e4kning.xls\">excelfil<\/a> som bara \u00e4r att fylla i. Du kan bara \u00e4ndra i de gula f\u00e4lten.<br \/>\nEnskilda vikter kan skilja mot din tillverkares uppgifter men du f\u00e5r \u00e4nd\u00e5 en liten uppfattning vart\u00e5t det lutar. F\u00f6r exakt vikt kommer man inte undan en v\u00e4gning men var beredd p\u00e5 \u00f6verraskningar.<\/p>\n","protected":false},"excerpt":{"rendered":"<p>Efter att ha f\u00f6ljt debatten om lastvikter i olika forum har jag botaniserat i n\u00e5gra, p\u00e5 svenska marknaden, stora tillverkares broschyrer och tekniska specifikationer. Var \u00e4ven p\u00e5 Elmia 2014 och noterade utrustningsniv\u00e5n p\u00e5 de bilar som kunde k\u00f6pas p\u00e5 plats. Inte s\u00e4llan med kraftigare motor, markis, ugn, extra tak-s\u00e4ng. Listan kunde ibland g\u00f6ras l\u00e5ng. H\u00e4r &hellip; <a href=\"https:\/\/freeact.eu\/?page_id=701\" class=\"more-link\">Forts\u00e4tt l\u00e4sa <span class=\"screen-reader-text\">Lastvikter f\u00f6r husbil<\/span> <span class=\"meta-nav\">&rarr;<\/span><\/a><\/p>\n","protected":false},"author":1,"featured_media":0,"parent":82,"menu_order":0,"comment_status":"open","ping_status":"closed","template":"","meta":[],"_links":{"self":[{"href":"https:\/\/freeact.eu\/index.php?rest_route=\/wp\/v2\/pages\/701"}],"collection":[{"href":"https:\/\/freeact.eu\/index.php?rest_route=\/wp\/v2\/pages"}],"about":[{"href":"https:\/\/freeact.eu\/index.php?rest_route=\/wp\/v2\/types\/page"}],"author":[{"embeddable":true,"href":"https:\/\/freeact.eu\/index.php?rest_route=\/wp\/v2\/users\/1"}],"replies":[{"embeddable":true,"href":"https:\/\/freeact.eu\/index.php?rest_route=%2Fwp%2Fv2%2Fcomments&post=701"}],"version-history":[{"count":15,"href":"https:\/\/freeact.eu\/index.php?rest_route=\/wp\/v2\/pages\/701\/revisions"}],"predecessor-version":[{"id":928,"href":"https:\/\/freeact.eu\/index.php?rest_route=\/wp\/v2\/pages\/701\/revisions\/928"}],"up":[{"embeddable":true,"href":"https:\/\/freeact.eu\/index.php?rest_route=\/wp\/v2\/pages\/82"}],"wp:attachment":[{"href":"https:\/\/freeact.eu\/index.php?rest_route=%2Fwp%2Fv2%2Fmedia&parent=701"}],"curies":[{"name":"wp","href":"https:\/\/api.w.org\/{rel}","templated":true}]}}